{"id":19,"date":"2022-09-22T19:22:47","date_gmt":"2022-09-22T19:22:47","guid":{"rendered":"https:\/\/mgeon.com\/?page_id=19"},"modified":"2023-03-03T10:38:15","modified_gmt":"2023-03-03T10:38:15","slug":"kisisel-verilerin-korunmasi","status":"publish","type":"page","link":"https:\/\/www.mgeon.com\/tr\/kisisel-verilerin-korunmasi\/","title":{"rendered":"Ki\u015fisel Verilerin Korunmas\u0131"},"content":{"rendered":"\t\t<div data-elementor-type=\"wp-page\" data-elementor-id=\"19\" class=\"elementor elementor-19\" data-elementor-post-type=\"page\">\n\t\t\t\t\t\t<section class=\"elementor-section elementor-top-section elementor-element elementor-element-59f7e60 elementor-section-boxed elementor-section-height-default elementor-section-height-default\" data-id=\"59f7e60\" data-element_type=\"section\" data-e-type=\"section\" data-settings=\"{&quot;background_background&quot;:&quot;classic&quot;}\">\n\t\t\t\t\t\t<div class=\"elementor-container elementor-column-gap-default\">\n\t\t\t\t\t<div class=\"elementor-column elementor-col-100 elementor-top-column elementor-element elementor-element-c7939eb\" data-id=\"c7939eb\" data-element_type=\"column\" data-e-type=\"column\">\n\t\t\t<div class=\"elementor-widget-wrap elementor-element-populated\">\n\t\t\t\t\t\t<div class=\"elementor-element elementor-element-75c6e06f elementor-widget elementor-widget-text-editor\" data-id=\"75c6e06f\" data-element_type=\"widget\" data-e-type=\"widget\" data-widget_type=\"text-editor.default\">\n\t\t\t\t<div class=\"elementor-widget-container\">\n\t\t\t\t\t\t\t\t\tKVKK\t\t\t\t\t\t\t\t<\/div>\n\t\t\t\t<\/div>\n\t\t\t\t\t<\/div>\n\t\t<\/div>\n\t\t\t\t\t<\/div>\n\t\t<\/section>\n\t\t\t\t<section class=\"elementor-section elementor-top-section elementor-element elementor-element-619e7897 elementor-section-boxed elementor-section-height-default elementor-section-height-default\" data-id=\"619e7897\" data-element_type=\"section\" data-e-type=\"section\">\n\t\t\t\t\t\t<div class=\"elementor-container elementor-column-gap-default\">\n\t\t\t\t\t<div class=\"elementor-column elementor-col-100 elementor-top-column elementor-element elementor-element-5e01c021\" data-id=\"5e01c021\" data-element_type=\"column\" data-e-type=\"column\">\n\t\t\t<div class=\"elementor-widget-wrap elementor-element-populated\">\n\t\t\t\t\t\t<div class=\"elementor-element elementor-element-3253bc60 elementor-widget elementor-widget-text-editor\" data-id=\"3253bc60\" data-element_type=\"widget\" data-e-type=\"widget\" data-widget_type=\"text-editor.default\">\n\t\t\t\t<div class=\"elementor-widget-container\">\n\t\t\t\t\t\t\t\t\t<p><strong>6698 SAYILI <\/strong><\/p><p><strong>K\u0130\u015e\u0130SEL VER\u0130LER\u0130N KORUNMASI KANUNU KAPSAMINDA <\/strong><strong>AYDINLATMA METN\u0130<\/strong><\/p><p>\u015eirketimiz MGEON Ki\u015fisel Bak\u0131m ve T\u00fcketim \u00dcr\u00fcnleri Ticaret A.\u015e. (\u201cMGEON\u201d), y\u00fcr\u00fctmekte oldu\u011fu ticari faaliyetleri gere\u011fince \u00e7e\u015fitli \u015fekillerde kendisiyle payla\u015f\u0131lan, iletilen, aktar\u0131lan, kaydedilen ki\u015fisel verilerinizi azami dikkat ve \u00f6zenle korumakta ve \u201cKVKK\u201d do\u011frultusunda i\u015flemektedir. \u0130\u015flenen ki\u015fisel verilerinizle ilgili 6698 say\u0131l\u0131 Ki\u015fisel Verilerin Korunmas\u0131 Kanunu (\u201cKVKK\u201d)\u2019ya uygun olarak her t\u00fcrl\u00fc teknik ve hukuki tedbiri almaktad\u0131r.<\/p><p>Veri sorumlusu olan \u015firketimiz MGEON Ki\u015fisel Bak\u0131m ve T\u00fcketim \u00dcr\u00fcnleri Sat\u0131\u015f Da\u011f\u0131t\u0131m A.\u015e. (MGEON), \u201cKVKK\u201d\u2019n\u0131n 10. Maddesi gere\u011fince Veri Sorumlusunun Ayd\u0131nlatma Y\u00fck\u00fcml\u00fcl\u00fc\u011f\u00fc\u2019 ba\u015fl\u0131kl\u0131 10. Maddesi uyar\u0131nca;<\/p><ol><li>a) Veri sorumlusunun ve varsa temsilcisinin kimli\u011fi,<\/li><li>b) Ki\u015fisel verilerin hangi ama\u00e7la i\u015flenece\u011fi,<\/li><li>c) Ki\u015fisel verilerin kimlere ve hangi ama\u00e7la aktar\u0131labilece\u011fi,<\/li><\/ol><p>\u00e7) Ki\u015fisel veri toplaman\u0131n y\u00f6ntemi ve hukuki sebebi,<\/p><ol><li>d) \u0130lgili ki\u015finin Kanunun 11 inci maddesinde say\u0131lan di\u011fer haklar\u0131 konusunda a\u015fa\u011f\u0131daki \u015fekilde sizleri bilgilendirmektedir.<\/li><\/ol><ul><li>Veri Sorumlusu:<\/li><\/ul><p>\u0130stanbul Ticaret Sicili Memurlu\u011funa 367254-5 sicil numaras\u0131yla kay\u0131tl\u0131 ve Atakent Mah. Turgut \u00d6zal Bulvar\u0131 Dumankaya Miks 48\/2 \u0130\u00e7 Kap\u0131 143 K\u00fc\u00e7\u00fck\u00e7ekmece &#8211; \u0130stanbul merkez adresinde faaliyet g\u00f6steren MGEON Ki\u015fisel Bak\u0131m ve T\u00fcketim \u00dcr\u00fcnleri Ticaret A.\u015e. yasa gere\u011fi veri sorumlusudur.<\/p><ul><li>Ki\u015fisel Verilerin \u0130\u015flenme Amac\u0131:<\/li><\/ul><p>Ki\u015fisel verileriniz a\u015fa\u011f\u0131daki ama\u00e7larla s\u0131n\u0131rl\u0131 olarak Kanun&#8217;un 5. ve 6. maddelerinde belirtilen ki\u015fisel veri i\u015fleme \u015fartlar\u0131 d\u00e2hilinde i\u015flenmektedir. Ki\u015fisel verileriniz, al\u0131m sat\u0131m, distrib\u00fct\u00f6rl\u00fck, bayilik, abonelik ve sair hizmet al\u0131m s\u00f6zle\u015fmeleri ve ticari ili\u015fkiler kapsam\u0131nda, \u015firketimize yap\u0131lacak i\u015f ba\u015fvurular\u0131n\u0131n veya bildirimlerin analizi ve de\u011ferlendirilmesi, sat\u0131\u015f ve da\u011f\u0131t\u0131m\u0131n\u0131 yapt\u0131\u011f\u0131m\u0131z \u00fcr\u00fcn ve hizmetlerden daha iyi yararlan\u0131lmas\u0131n\u0131n temini i\u00e7in gerekli \u00e7al\u0131\u015fmalar\u0131n yap\u0131labilmesi, \u00e7al\u0131\u015fma ve hizmetlerimizin iyile\u015ftirilmesi, geli\u015ftirilmesi, \u00e7e\u015fitlendirilmesi, faturalama, \u00fcr\u00fcn sevkiyat\u0131, teslimat, iade gibi konularda sa\u011fl\u0131kl\u0131 hizmet sunulabilmesi, ticari ve i\u015f planlar\u0131n\u0131n belirlenmesi ve uygulanmas\u0131 ama\u00e7lar\u0131yla i\u015flenmektedir. Belirtilen kapsamda ve i\u015flenmelerini gerektiren ama\u00e7 \u00e7er\u00e7evesinde ve bu ama\u00e7 ile ba\u011flant\u0131l\u0131, s\u0131n\u0131rl\u0131 ve \u00f6l\u00e7\u00fcl\u00fc \u015fekilde, taraf\u0131m\u0131za bildirdi\u011finiz veya bildirildi\u011fi \u015fekliyle ki\u015fisel verilerin do\u011frulu\u011funu ve en g\u00fcncel halini koruyarak, kaydedilece\u011fini, depolanaca\u011f\u0131n\u0131, muhafaza edilece\u011fini, yeniden d\u00fczenlenece\u011fini, kanunen bu ki\u015fisel verileri talep etmeye yetkili olan kurumlar ile payla\u015f\u0131laca\u011f\u0131n\u0131 ve KVKK&#8217;n\u0131n \u00f6ng\u00f6rd\u00fc\u011f\u00fc \u015fartlarda, yurti\u00e7i veya yurtd\u0131\u015f\u0131 \u00fc\u00e7\u00fcnc\u00fc ki\u015filere aktar\u0131laca\u011f\u0131n\u0131, devredilece\u011fini, s\u0131n\u0131fland\u0131r\u0131labilece\u011fini ve KVKK&#8217;da say\u0131lan sair \u015fekillerde i\u015flenebilece\u011fini bildiririz. \u015eirketimiz t\u00fcm ki\u015fisel veri i\u015fleme faaliyetlerinde KVKK ba\u015fta olmak \u00fczere ilgili t\u00fcm mevzuatta aranan y\u00fck\u00fcml\u00fcklere de uygun olarak hareket etmektedir.<\/p><ul><li>\u0130\u015flenen Ki\u015fisel Verilerin Kimlere ve Hangi Ama\u00e7la Aktar\u0131labilece\u011fi: Toplanan ki\u015fisel verileriniz, \u015eirketimizin distrib\u00fct\u00f6rl\u00fck ve bayilik yetkileri kapsam\u0131nda sat\u0131\u015f, da\u011f\u0131t\u0131m ve pazarlamas\u0131n\u0131 yapt\u0131\u011f\u0131 \u00fcr\u00fcnler ve hizmetlerimizden sizlerin daha iyi yararlanmalar\u0131n\u0131n temini, bu maksatla ilgili t\u00fcm departmanlar\u0131m\u0131z\u0131n gerekli \u00e7al\u0131\u015fmalar\u0131 yapmalar\u0131, hizmetlerimizin iyile\u015ftirilmesi ve geli\u015ftirilmesine y\u00f6nelik \u00e7al\u0131\u015fmalar kapsam\u0131nda \u00fcretici ve tedarik\u00e7i firmalar, i\u015f ortaklar\u0131m\u0131z, y\u00f6netimsel etkile\u015fimde bulundu\u011fumuz grup \u015firket, b\u00f6l\u00fcm ve y\u00f6neticileri, \u00e7al\u0131\u015fanlar\u0131, payda\u015flar\u0131m\u0131z, hizmet ve dan\u0131\u015fmanl\u0131k ald\u0131\u011f\u0131m\u0131z ger\u00e7ek ve t\u00fczel ki\u015filer, banka, finans ve sigorta kurulu\u015flar\u0131, posta, da\u011f\u0131t\u0131m, kurye ve kargo firmalar\u0131, veri saklama firmalar\u0131, yasal olarak yetkili kamu kurum ve kurulu\u015flara yukar\u0131da say\u0131lan ama\u00e7 kapsam\u0131nda ve bununla s\u0131n\u0131rl\u0131 olarak \u201cKVKK\u201d\u2019n\u0131n 8. ve 9. maddelerinde belirtilen ki\u015fisel veri i\u015fleme \u015fartlar\u0131 ve ama\u00e7lar\u0131 \u00e7er\u00e7evesinde belirtilen ama\u00e7larla s\u0131n\u0131rl\u0131 olarak aktar\u0131labilecektir.<\/li><li>Ki\u015fisel Veri Toplaman\u0131n Y\u00f6ntemi ve Hukuki Sebebi:<\/li><\/ul><p>Ki\u015fisel verileriniz, \u015eirketimize telefon, e-mail, mesaj, faks veya \u00e7e\u015fitli \u015fekillerde iletti\u011fimiz, aktard\u0131\u011f\u0131n\u0131z ya da \u00e7al\u0131\u015fanlar\u0131m\u0131za, dan\u0131\u015fmanlar\u0131m\u0131za, hizmet ald\u0131\u011f\u0131m\u0131z firmalara verdi\u011finiz ki\u015fisel veriler, web sitemiz, \u00e7e\u015fitli s\u00f6zle\u015fmeler, her t\u00fcrl\u00fc bilgi formlar\u0131, anketler, i\u015f ba\u015fvuru formlar\u0131, i\u015f s\u00f6zle\u015fmeleri, sosyal medya uygulamalar\u0131, \u00e7a\u011fr\u0131 merkezleri ve burada say\u0131lanlarla s\u0131n\u0131rl\u0131 olmamak \u00fczere s\u00f6zl\u00fc, yaz\u0131l\u0131 veya elektronik kanallar arac\u0131l\u0131\u011f\u0131 ile a\u00e7\u0131k r\u0131zan\u0131z ya da KVKK\u2019da \u00f6ng\u00f6r\u00fclen di\u011fer veri i\u015fleme \u015fartlar\u0131 kapsam\u0131nda toplanmaktad\u0131r. Bu bilgiler, \u015eirketimizin ticari faaliyetlerini yasalar \u00e7er\u00e7evesinde y\u00fcr\u00fctebilmesi, hizmetlerinin devaml\u0131l\u0131\u011f\u0131 ve mevzuattan kaynaklanan sorumluluklar\u0131n\u0131 yerine getirebilmesi ama\u00e7lar\u0131yla edinilmektedir.<\/p><ul><li>Ki\u015fisel Verilerin Saklanmas\u0131, \u0130mha edilmesi ve Anonimle\u015ftirilmesi:<\/li><\/ul><p>\u015eirketimiz, ki\u015fisel verileri, ki\u015fisel verilerin i\u015flenmesi amac\u0131 do\u011frultusunda, i\u015fleme amac\u0131yla orant\u0131l\u0131 bir \u015fekilde saklamaktad\u0131r. Ki\u015fisel veriler, i\u015flenme amac\u0131n\u0131n ve\/veya sebebinin ortadan kalkm\u0131\u015f olmas\u0131 durumunda ilgili mevzuat\u0131n gerektirdi\u011fi s\u00fcre sonuna kadar saklanmaktad\u0131r. Ki\u015fisel verilerin i\u015flenme amac\u0131 ve sebebi ortadan kalkt\u0131\u011f\u0131nda yasalardan kaynaklanan y\u00fck\u00fcml\u00fcl\u00fcklerimizin temini i\u00e7in gerekli zamana\u015f\u0131m\u0131 s\u00fcreleri tamamland\u0131\u011f\u0131nda ki\u015fisel veriler imha edilecek veya anonim hale getirilecektir.<\/p><ol><li>\u0130lgili Ki\u015finin Haklar\u0131<\/li><\/ol><p>\u201cMGEON\u201d b\u00fcnyesinde ki\u015fisel verisi i\u015flenen ger\u00e7ek ki\u015filer KVKK\u2019n\u0131n 11. maddesi uyar\u0131ca a\u015fa\u011f\u0131daki haklara sahiptirler:<\/p><p>Ki\u015fisel verilerinizin i\u015flenip i\u015flenmedi\u011fini \u00f6\u011frenme,<\/p><p>Ki\u015fisel verileriniz i\u015flenmi\u015fse buna ili\u015fkin \u015firketimizden bilgi talep etme,<\/p><p>Ki\u015fisel verilerinizin i\u015flenme amac\u0131n\u0131 ve bunlar\u0131n amac\u0131na uygun kullan\u0131l\u0131p kullan\u0131lmad\u0131\u011f\u0131n\u0131 \u00f6\u011frenme,<\/p><p>Yurt i\u00e7inde veya yurt d\u0131\u015f\u0131nda ki\u015fisel verilerinizin aktar\u0131ld\u0131\u011f\u0131 \u00fc\u00e7\u00fcnc\u00fc ki\u015fileri bilme,<\/p><p>Ki\u015fisel verilerinizin eksik veya yanl\u0131\u015f i\u015flenmi\u015f olmas\u0131 halinde bunlar\u0131n d\u00fczeltilmesini isteme ve bu kapsamda yap\u0131lan i\u015flemin ki\u015fisel verilerinizin aktar\u0131ld\u0131\u011f\u0131 \u00fc\u00e7\u00fcnc\u00fc ki\u015filere bildirilmesini isteme,<\/p><p>6698 say\u0131l\u0131 Kanun ve ilgili di\u011fer kanun h\u00fck\u00fcmlerine uygun olarak i\u015flenmi\u015f olmas\u0131na ra\u011fmen, i\u015flenmesini gerektiren sebeplerin ortadan kalkmas\u0131 halinde ki\u015fisel verilerinizin silinmesini veya yok edilmesini isteme ve bu kapsamda yap\u0131lan i\u015flemin ki\u015fisel verilerinizin aktar\u0131ld\u0131\u011f\u0131 \u00fc\u00e7\u00fcnc\u00fc ki\u015filere bildirilmesini isteme,<\/p><p>\u0130\u015flenen verilerinizin m\u00fcnhas\u0131ran otomatik sistemler vas\u0131tas\u0131yla analiz edilmesi suretiyle aleyhine bir sonucun ortaya \u00e7\u0131kt\u0131\u011f\u0131n\u0131 d\u00fc\u015f\u00fcn\u00fcyor iseniz buna itiraz etme,<\/p><p>\u00a0\u00a0\u00a0\u00a0\u00a0\u00a0\u00a0\u00a0 Ki\u015fisel verilerinizin kanuna ayk\u0131r\u0131 olarak i\u015flenmesi sebebiyle zarara u\u011framan\u0131z halinde zarar\u0131n\u0131z\u0131n giderilmesini talep etme haklar\u0131n\u0131z bulunmaktad\u0131r.<\/p><p>Yasa gere\u011fi haklar\u0131n\u0131z\u0131 kullanmak i\u00e7in \u015firketimize talebinizi yaz\u0131l\u0131 olarak ve kimli\u011finizi teyit edici belgeler ile elden teslim edebilir, iadeli taahh\u00fctl\u00fc veya noter marifetiyle \u015eirketimizin Atakent Mah. Turgut \u00d6zal Bulvar\u0131 Dumankaya Miks 48\/2 \u0130\u00e7 Kap\u0131 143 K\u00fc\u00e7\u00fck\u00e7ekmece &#8211; \u0130stanbul adresine g\u00f6nderebilir, <a href=\"mailto:kvkk@degisimgrup.com.tr\">kvkk@<\/a>mgeon.com e-mail adresine iletebilir veya KVKK gere\u011fince getirilebilecek di\u011fer ileti\u015fim kanallar\u0131yla ula\u015ft\u0131rabilirsiniz. Talebiniz en k\u0131sa s\u00fcrede ve en ge\u00e7 otuz (30) g\u00fcn i\u00e7inde \u00fccretsiz olarak sonu\u00e7land\u0131r\u0131l\u0131r. Ba\u015fvurunuza y\u00f6nelik i\u015flemlerin ayr\u0131 bir maliyeti gerektirmesi halinde, Ki\u015fisel Verileri Koruma Kurulu taraf\u0131ndan belirlenen \u00fccretler taraf\u0131n\u0131za fatura edilir. Bu kapsamda Kanun\u2019un 13. maddesinin 1. f\u0131kras\u0131 gere\u011fince, yukar\u0131da belirtilen haklar\u0131n\u0131z\u0131 kullanmak ile ilgili talebinizi, yaz\u0131l\u0131 olarak veya Kurul\u2019un ileride belirleyece\u011fi di\u011fer y\u00f6ntemlerle \u015eirketimize iletebilirsiniz.<\/p><p>Kamuoyuna sayg\u0131lar\u0131m\u0131zla arz olunur.<\/p>\t\t\t\t\t\t\t\t<\/div>\n\t\t\t\t<\/div>\n\t\t\t\t\t<\/div>\n\t\t<\/div>\n\t\t\t\t\t<\/div>\n\t\t<\/section>\n\t\t\t\t<\/div>\n\t\t","protected":false},"excerpt":{"rendered":"<p>KVKK 6698 SAYILI K\u0130\u015e\u0130SEL VER\u0130LER\u0130N KORUNMASI KANUNU KAPSAMINDA AYDINLATMA METN\u0130 \u015eirketimiz MGEON Ki\u015fisel Bak\u0131m ve T\u00fcketim \u00dcr\u00fcnleri Ticaret A.\u015e. (\u201cMGEON\u201d), y\u00fcr\u00fctmekte oldu\u011fu ticari faaliyetleri gere\u011fince \u00e7e\u015fitli \u015fekillerde kendisiyle payla\u015f\u0131lan, iletilen, aktar\u0131lan, kaydedilen ki\u015fisel verilerinizi azami dikkat ve \u00f6zenle korumakta ve \u201cKVKK\u201d do\u011frultusunda i\u015flemektedir. \u0130\u015flenen ki\u015fisel verilerinizle ilgili 6698 say\u0131l\u0131 Ki\u015fisel Verilerin Korunmas\u0131 Kanunu (\u201cKVKK\u201d)\u2019ya uygun [&hellip;]<\/p>\n","protected":false},"author":1,"featured_media":0,"parent":0,"menu_order":0,"comment_status":"closed","ping_status":"closed","template":"elementor_header_footer","meta":{"footnotes":""},"class_list":["post-19","page","type-page","status-publish","hentry"],"_links":{"self":[{"href":"https:\/\/www.mgeon.com\/tr\/wp-json\/wp\/v2\/pages\/19","targetHints":{"allow":["GET"]}}],"collection":[{"href":"https:\/\/www.mgeon.com\/tr\/wp-json\/wp\/v2\/pages"}],"about":[{"href":"https:\/\/www.mgeon.com\/tr\/wp-json\/wp\/v2\/types\/page"}],"author":[{"embeddable":true,"href":"https:\/\/www.mgeon.com\/tr\/wp-json\/wp\/v2\/users\/1"}],"replies":[{"embeddable":true,"href":"https:\/\/www.mgeon.com\/tr\/wp-json\/wp\/v2\/comments?post=19"}],"version-history":[{"count":0,"href":"https:\/\/www.mgeon.com\/tr\/wp-json\/wp\/v2\/pages\/19\/revisions"}],"wp:attachment":[{"href":"https:\/\/www.mgeon.com\/tr\/wp-json\/wp\/v2\/media?parent=19"}],"curies":[{"name":"wp","href":"https:\/\/api.w.org\/{rel}","templated":true}]}}